{"id":2357,"date":"2011-06-16T17:24:02","date_gmt":"2011-06-16T17:24:02","guid":{"rendered":"https:\/\/tourisme.iledorleans.com\/?post_type=membre&#038;p=432"},"modified":"2020-02-07T19:58:47","modified_gmt":"2020-02-07T19:58:47","slug":"syndicat-de-lupa-de-lile-dorleans","status":"publish","type":"membres","link":"https:\/\/tourisme.iledorleans.com\/en\/members\/syndicat-de-lupa-de-lile-dorleans\/","title":{"rendered":"UPA-\u00cele d&#8217;Orl\u00e9ans"},"content":{"rendered":"<address>Nos 230 membres vous souhaitent la bienvenue. Emplois de cueillette de fraises, framboises, l\u00e9gumes, etc. \u00c2ge minimum: 14 ans. Possibilit\u00e9 de transport par autobus.<\/address>\n<address>Contactez Gilles Bilodeau ou Martin M\u00e9thot du Centre d&#8217;emploi agricole au <strong>418 872-0770 ou 418 872-7707.<\/strong><\/address>\n","protected":false},"featured_media":2882,"parent":0,"template":"","characteristics":[],"class_list":["post-2357","membres","type-membres","status-publish","has-post-thumbnail","hentry"],"acf":[],"yoast_head":"<!-- This site is optimized with the Yoast SEO plugin v26.3 - https:\/\/yoast.com\/wordpress\/plugins\/seo\/ -->\n<title>UPA-\u00cele d&#039;Orl\u00e9ans - \u00cele d&#039;Orl\u00e9ans<\/title>\n<meta name=\"robots\" content=\"index, follow, max-snippet:-1, max-image-preview:large, max-video-preview:-1\" \/>\n<link rel=\"canonical\" href=\"https:\/\/tourisme.iledorleans.com\/en\/members\/syndicat-de-lupa-de-lile-dorleans\/\" \/>\n<meta property=\"og:locale\" content=\"en_US\" \/>\n<meta property=\"og:type\" content=\"article\" \/>\n<meta property=\"og:title\" content=\"UPA-\u00cele d&#039;Orl\u00e9ans - \u00cele d&#039;Orl\u00e9ans\" \/>\n<meta property=\"og:description\" content=\"Nos 230 membres vous souhaitent la bienvenue. Emplois de cueillette de fraises, framboises, l\u00e9gumes, etc. \u00c2ge minimum: 14 ans. Possibilit\u00e9 de transport par autobus. Contactez Gilles Bilodeau ou Martin M\u00e9thot du Centre d&#8217;emploi agricole au 418 872-0770 ou 418 872-7707.\" \/>\n<meta property=\"og:url\" content=\"https:\/\/tourisme.iledorleans.com\/en\/members\/syndicat-de-lupa-de-lile-dorleans\/\" \/>\n<meta property=\"og:site_name\" content=\"\u00cele d&#039;Orl\u00e9ans\" \/>\n<meta property=\"article:modified_time\" content=\"2020-02-07T19:58:47+00:00\" \/>\n<meta property=\"og:image\" content=\"https:\/\/tourisme.iledorleans.com\/wp-content\/uploads\/2019\/12\/IMG_2174-scaled.jpg\" \/>\n\t<meta property=\"og:image:width\" content=\"2560\" \/>\n\t<meta property=\"og:image:height\" content=\"1323\" \/>\n\t<meta property=\"og:image:type\" content=\"image\/jpeg\" \/>\n<meta name=\"twitter:card\" content=\"summary_large_image\" \/>\n<script type=\"application\/ld+json\" class=\"yoast-schema-graph\">{\"@context\":\"https:\/\/schema.org\",\"@graph\":[{\"@type\":\"WebPage\",\"@id\":\"https:\/\/tourisme.iledorleans.com\/en\/members\/syndicat-de-lupa-de-lile-dorleans\/\",\"url\":\"https:\/\/tourisme.iledorleans.com\/en\/members\/syndicat-de-lupa-de-lile-dorleans\/\",\"name\":\"UPA-\u00cele d'Orl\u00e9ans - \u00cele d&#039;Orl\u00e9ans\",\"isPartOf\":{\"@id\":\"https:\/\/tourisme.iledorleans.com\/en\/#website\"},\"primaryImageOfPage\":{\"@id\":\"https:\/\/tourisme.iledorleans.com\/en\/members\/syndicat-de-lupa-de-lile-dorleans\/#primaryimage\"},\"image\":{\"@id\":\"https:\/\/tourisme.iledorleans.com\/en\/members\/syndicat-de-lupa-de-lile-dorleans\/#primaryimage\"},\"thumbnailUrl\":\"https:\/\/tourisme.iledorleans.com\/wp-content\/uploads\/2019\/12\/IMG_2174-scaled.jpg\",\"datePublished\":\"2011-06-16T17:24:02+00:00\",\"dateModified\":\"2020-02-07T19:58:47+00:00\",\"breadcrumb\":{\"@id\":\"https:\/\/tourisme.iledorleans.com\/en\/members\/syndicat-de-lupa-de-lile-dorleans\/#breadcrumb\"},\"inLanguage\":\"en-US\",\"potentialAction\":[{\"@type\":\"ReadAction\",\"target\":[\"https:\/\/tourisme.iledorleans.com\/en\/members\/syndicat-de-lupa-de-lile-dorleans\/\"]}]},{\"@type\":\"ImageObject\",\"inLanguage\":\"en-US\",\"@id\":\"https:\/\/tourisme.iledorleans.com\/en\/members\/syndicat-de-lupa-de-lile-dorleans\/#primaryimage\",\"url\":\"https:\/\/tourisme.iledorleans.com\/wp-content\/uploads\/2019\/12\/IMG_2174-scaled.jpg\",\"contentUrl\":\"https:\/\/tourisme.iledorleans.com\/wp-content\/uploads\/2019\/12\/IMG_2174-scaled.jpg\",\"width\":2560,\"height\":1323},{\"@type\":\"BreadcrumbList\",\"@id\":\"https:\/\/tourisme.iledorleans.com\/en\/members\/syndicat-de-lupa-de-lile-dorleans\/#breadcrumb\",\"itemListElement\":[{\"@type\":\"ListItem\",\"position\":1,\"name\":\"Accueil\",\"item\":\"https:\/\/tourisme.iledorleans.com\/en\/\"},{\"@type\":\"ListItem\",\"position\":2,\"name\":\"Membres\",\"item\":\"https:\/\/tourisme.iledorleans.com\/en\/members\/\"},{\"@type\":\"ListItem\",\"position\":3,\"name\":\"UPA-\u00cele d&#8217;Orl\u00e9ans\"}]},{\"@type\":\"WebSite\",\"@id\":\"https:\/\/tourisme.iledorleans.com\/en\/#website\",\"url\":\"https:\/\/tourisme.iledorleans.com\/en\/\",\"name\":\"\u00cele d&#039;Orl\u00e9ans\",\"description\":\"\",\"potentialAction\":[{\"@type\":\"SearchAction\",\"target\":{\"@type\":\"EntryPoint\",\"urlTemplate\":\"https:\/\/tourisme.iledorleans.com\/en\/?s={search_term_string}\"},\"query-input\":{\"@type\":\"PropertyValueSpecification\",\"valueRequired\":true,\"valueName\":\"search_term_string\"}}],\"inLanguage\":\"en-US\"}]}<\/script>\n<!-- \/ Yoast SEO plugin. -->","yoast_head_json":{"title":"UPA-\u00cele d'Orl\u00e9ans - \u00cele d&#039;Orl\u00e9ans","robots":{"index":"index","follow":"follow","max-snippet":"max-snippet:-1","max-image-preview":"max-image-preview:large","max-video-preview":"max-video-preview:-1"},"canonical":"https:\/\/tourisme.iledorleans.com\/en\/members\/syndicat-de-lupa-de-lile-dorleans\/","og_locale":"en_US","og_type":"article","og_title":"UPA-\u00cele d'Orl\u00e9ans - \u00cele d&#039;Orl\u00e9ans","og_description":"Nos 230 membres vous souhaitent la bienvenue. Emplois de cueillette de fraises, framboises, l\u00e9gumes, etc. \u00c2ge minimum: 14 ans. Possibilit\u00e9 de transport par autobus. Contactez Gilles Bilodeau ou Martin M\u00e9thot du Centre d&#8217;emploi agricole au 418 872-0770 ou 418 872-7707.","og_url":"https:\/\/tourisme.iledorleans.com\/en\/members\/syndicat-de-lupa-de-lile-dorleans\/","og_site_name":"\u00cele d&#039;Orl\u00e9ans","article_modified_time":"2020-02-07T19:58:47+00:00","og_image":[{"width":2560,"height":1323,"url":"https:\/\/tourisme.iledorleans.com\/wp-content\/uploads\/2019\/12\/IMG_2174-scaled.jpg","type":"image\/jpeg"}],"twitter_card":"summary_large_image","schema":{"@context":"https:\/\/schema.org","@graph":[{"@type":"WebPage","@id":"https:\/\/tourisme.iledorleans.com\/en\/members\/syndicat-de-lupa-de-lile-dorleans\/","url":"https:\/\/tourisme.iledorleans.com\/en\/members\/syndicat-de-lupa-de-lile-dorleans\/","name":"UPA-\u00cele d'Orl\u00e9ans - \u00cele d&#039;Orl\u00e9ans","isPartOf":{"@id":"https:\/\/tourisme.iledorleans.com\/en\/#website"},"primaryImageOfPage":{"@id":"https:\/\/tourisme.iledorleans.com\/en\/members\/syndicat-de-lupa-de-lile-dorleans\/#primaryimage"},"image":{"@id":"https:\/\/tourisme.iledorleans.com\/en\/members\/syndicat-de-lupa-de-lile-dorleans\/#primaryimage"},"thumbnailUrl":"https:\/\/tourisme.iledorleans.com\/wp-content\/uploads\/2019\/12\/IMG_2174-scaled.jpg","datePublished":"2011-06-16T17:24:02+00:00","dateModified":"2020-02-07T19:58:47+00:00","breadcrumb":{"@id":"https:\/\/tourisme.iledorleans.com\/en\/members\/syndicat-de-lupa-de-lile-dorleans\/#breadcrumb"},"inLanguage":"en-US","potentialAction":[{"@type":"ReadAction","target":["https:\/\/tourisme.iledorleans.com\/en\/members\/syndicat-de-lupa-de-lile-dorleans\/"]}]},{"@type":"ImageObject","inLanguage":"en-US","@id":"https:\/\/tourisme.iledorleans.com\/en\/members\/syndicat-de-lupa-de-lile-dorleans\/#primaryimage","url":"https:\/\/tourisme.iledorleans.com\/wp-content\/uploads\/2019\/12\/IMG_2174-scaled.jpg","contentUrl":"https:\/\/tourisme.iledorleans.com\/wp-content\/uploads\/2019\/12\/IMG_2174-scaled.jpg","width":2560,"height":1323},{"@type":"BreadcrumbList","@id":"https:\/\/tourisme.iledorleans.com\/en\/members\/syndicat-de-lupa-de-lile-dorleans\/#breadcrumb","itemListElement":[{"@type":"ListItem","position":1,"name":"Accueil","item":"https:\/\/tourisme.iledorleans.com\/en\/"},{"@type":"ListItem","position":2,"name":"Membres","item":"https:\/\/tourisme.iledorleans.com\/en\/members\/"},{"@type":"ListItem","position":3,"name":"UPA-\u00cele d&#8217;Orl\u00e9ans"}]},{"@type":"WebSite","@id":"https:\/\/tourisme.iledorleans.com\/en\/#website","url":"https:\/\/tourisme.iledorleans.com\/en\/","name":"\u00cele d&#039;Orl\u00e9ans","description":"","potentialAction":[{"@type":"SearchAction","target":{"@type":"EntryPoint","urlTemplate":"https:\/\/tourisme.iledorleans.com\/en\/?s={search_term_string}"},"query-input":{"@type":"PropertyValueSpecification","valueRequired":true,"valueName":"search_term_string"}}],"inLanguage":"en-US"}]}},"_links":{"self":[{"href":"https:\/\/tourisme.iledorleans.com\/en\/wp-json\/wp\/v2\/membres\/2357","targetHints":{"allow":["GET"]}}],"collection":[{"href":"https:\/\/tourisme.iledorleans.com\/en\/wp-json\/wp\/v2\/membres"}],"about":[{"href":"https:\/\/tourisme.iledorleans.com\/en\/wp-json\/wp\/v2\/types\/membres"}],"wp:featuredmedia":[{"embeddable":true,"href":"https:\/\/tourisme.iledorleans.com\/en\/wp-json\/wp\/v2\/media\/2882"}],"wp:attachment":[{"href":"https:\/\/tourisme.iledorleans.com\/en\/wp-json\/wp\/v2\/media?parent=2357"}],"wp:term":[{"taxonomy":"characteristics","embeddable":true,"href":"https:\/\/tourisme.iledorleans.com\/en\/wp-json\/wp\/v2\/characteristics?post=2357"}],"curies":[{"name":"wp","href":"https:\/\/api.w.org\/{rel}","templated":true}]}}