{"id":1776,"date":"2011-06-14T18:12:05","date_gmt":"2011-06-14T18:12:05","guid":{"rendered":"https:\/\/tourisme.iledorleans.com\/?post_type=membre&#038;p=328"},"modified":"2026-03-04T20:19:14","modified_gmt":"2026-03-04T20:19:14","slug":"espace-patrimonial-felix-leclerc","status":"publish","type":"membres","link":"https:\/\/tourisme.iledorleans.com\/en\/members\/espace-patrimonial-felix-leclerc\/","title":{"rendered":"Espace F\u00e9lix-Leclerc"},"content":{"rendered":"<address>L\u2019Espace F\u00e9lix-Leclerc, situ\u00e9 \u00e0 l\u2019entr\u00e9e de l\u2019\u00cele d\u2019Orl\u00e9ans, rend hommage \u00e0 F\u00e9lix-Leclerc et contribue \u00e0 faire conna\u00eetre la vie et l\u2019\u0153uvre de ce personnage historique du Qu\u00e9bec, \u00e0 la fois auteur-compositeur-interpr\u00e8te, po\u00e8te, dramaturge et \u00e9crivain. Ce lieu comprend une bo\u00eete \u00e0 chansons d\u2019une centaine de places qui accueille des noms connus de la chanson qu\u00e9b\u00e9coise et fran\u00e7aise, et les plus talentueux artistes de la rel\u00e8ve.<\/address>\n<address>Dans la boutique, vous trouverez des CD, DVD, affiches, litographies, et autres articles vous permettant d\u2019emporter avec vous, un souvenir de votre passage en ce lieu de m\u00e9moire.<\/address>\n<address>\u00c0 l\u2019\u00e9tage s\u2019ouvre un vaste espace o\u00f9 l\u2019on d\u00e9couvre l\u2019exposition permanente&nbsp;: <b><i>La vie, l\u2019amour, la mort<\/i><\/b>, ainsi qu\u2019un centre de documentation riche en sources audio et vid\u00e9o. Une projection vid\u00e9o de 20 minutes r\u00e9alis\u00e9e par Francis Leclerc, le fils de F\u00e9lix, pr\u00e9sentant du mat\u00e9riel puis\u00e9 \u00e0 travers 50 ans d\u2019archives, vous est pr\u00e9sent\u00e9e en compl\u00e9ment \u00e0 la visite.<\/address>\n<address>\u00c0 l\u2019ext\u00e9rieur, une magnifique sculpture g\u00e9ante \u00e0 l\u2019image du po\u00e8te est \u00e9rig\u00e9e \u00e0 l\u2019entr\u00e9e du <b><i>Sentier d\u2019un fl\u00e2neur.<\/i><\/b><\/address>\n<address>Ce sentier long de 2,5 km vous m\u00e8nera tout pr\u00e8s du fleuve et vous fera d\u00e9couvrir la faune et la flore dans une promenade parsem\u00e9e de po\u00e9sie.<\/address>\n<address>&#8211; Bienvenue aux groupes de tous \u00e2ges.<br \/>\n&#8211; L\u2019Espace F\u00e9lix-Leclerc est inscrit au R\u00e9pertoire de ressources culture-\u00e9ducation.<\/address>\n<address>&#8211; Possibilit\u00e9 de location d\u2019espace pour la tenue de r\u00e9ceptions et de r\u00e9unions \u00e0 l\u2019ann\u00e9e.<\/address>\n<address>&#8211; L\u2019hiver, visite de groupe, de 20 personnes et plus, sur r\u00e9servation seulement.<\/address>\n","protected":false},"featured_media":3354,"parent":0,"template":"","characteristics":[88,121,109,106,108,142],"class_list":["post-1776","membres","type-membres","status-publish","has-post-thumbnail","hentry","characteristics-going-out-in-winter","characteristics-guided-tours-and-visits","characteristics-plein-air-en","characteristics-lieux-histoire-et-expositions","characteristics-spectacle-concerts-et-theatre","characteristics-what-to-do-in-winter"],"acf":[],"yoast_head":"<!-- This site is optimized with the Yoast SEO plugin v26.3 - https:\/\/yoast.com\/wordpress\/plugins\/seo\/ -->\n<title>Espace F\u00e9lix-Leclerc - \u00cele d&#039;Orl\u00e9ans<\/title>\n<meta name=\"robots\" content=\"index, follow, max-snippet:-1, max-image-preview:large, max-video-preview:-1\" \/>\n<link rel=\"canonical\" href=\"https:\/\/tourisme.iledorleans.com\/en\/members\/espace-patrimonial-felix-leclerc\/\" \/>\n<meta property=\"og:locale\" content=\"en_US\" \/>\n<meta property=\"og:type\" content=\"article\" \/>\n<meta property=\"og:title\" content=\"Espace F\u00e9lix-Leclerc - \u00cele d&#039;Orl\u00e9ans\" \/>\n<meta property=\"og:description\" content=\"L\u2019Espace F\u00e9lix-Leclerc, situ\u00e9 \u00e0 l\u2019entr\u00e9e de l\u2019\u00cele d\u2019Orl\u00e9ans, rend hommage \u00e0 F\u00e9lix-Leclerc et contribue \u00e0 faire conna\u00eetre la vie et l\u2019\u0153uvre de ce personnage historique du Qu\u00e9bec, \u00e0 la fois auteur-compositeur-interpr\u00e8te, po\u00e8te, dramaturge et \u00e9crivain. Ce lieu comprend une bo\u00eete \u00e0 chansons d\u2019une centaine de places qui accueille des noms connus de la chanson qu\u00e9b\u00e9coise... View Article\" \/>\n<meta property=\"og:url\" content=\"https:\/\/tourisme.iledorleans.com\/en\/members\/espace-patrimonial-felix-leclerc\/\" \/>\n<meta property=\"og:site_name\" content=\"\u00cele d&#039;Orl\u00e9ans\" \/>\n<meta property=\"article:modified_time\" content=\"2026-03-04T20:19:14+00:00\" \/>\n<meta property=\"og:image\" content=\"https:\/\/tourisme.iledorleans.com\/wp-content\/uploads\/2011\/06\/52.jpg\" \/>\n\t<meta property=\"og:image:width\" content=\"1000\" \/>\n\t<meta property=\"og:image:height\" content=\"800\" \/>\n\t<meta property=\"og:image:type\" content=\"image\/jpeg\" \/>\n<meta name=\"twitter:card\" content=\"summary_large_image\" \/>\n<meta name=\"twitter:label1\" content=\"Est. reading time\" \/>\n\t<meta name=\"twitter:data1\" content=\"2 minutes\" \/>\n<script type=\"application\/ld+json\" class=\"yoast-schema-graph\">{\"@context\":\"https:\/\/schema.org\",\"@graph\":[{\"@type\":\"WebPage\",\"@id\":\"https:\/\/tourisme.iledorleans.com\/en\/members\/espace-patrimonial-felix-leclerc\/\",\"url\":\"https:\/\/tourisme.iledorleans.com\/en\/members\/espace-patrimonial-felix-leclerc\/\",\"name\":\"Espace F\u00e9lix-Leclerc - \u00cele d&#039;Orl\u00e9ans\",\"isPartOf\":{\"@id\":\"https:\/\/tourisme.iledorleans.com\/en\/#website\"},\"primaryImageOfPage\":{\"@id\":\"https:\/\/tourisme.iledorleans.com\/en\/members\/espace-patrimonial-felix-leclerc\/#primaryimage\"},\"image\":{\"@id\":\"https:\/\/tourisme.iledorleans.com\/en\/members\/espace-patrimonial-felix-leclerc\/#primaryimage\"},\"thumbnailUrl\":\"https:\/\/tourisme.iledorleans.com\/wp-content\/uploads\/2011\/06\/52.jpg\",\"datePublished\":\"2011-06-14T18:12:05+00:00\",\"dateModified\":\"2026-03-04T20:19:14+00:00\",\"breadcrumb\":{\"@id\":\"https:\/\/tourisme.iledorleans.com\/en\/members\/espace-patrimonial-felix-leclerc\/#breadcrumb\"},\"inLanguage\":\"en-US\",\"potentialAction\":[{\"@type\":\"ReadAction\",\"target\":[\"https:\/\/tourisme.iledorleans.com\/en\/members\/espace-patrimonial-felix-leclerc\/\"]}]},{\"@type\":\"ImageObject\",\"inLanguage\":\"en-US\",\"@id\":\"https:\/\/tourisme.iledorleans.com\/en\/members\/espace-patrimonial-felix-leclerc\/#primaryimage\",\"url\":\"https:\/\/tourisme.iledorleans.com\/wp-content\/uploads\/2011\/06\/52.jpg\",\"contentUrl\":\"https:\/\/tourisme.iledorleans.com\/wp-content\/uploads\/2011\/06\/52.jpg\",\"width\":1000,\"height\":800},{\"@type\":\"BreadcrumbList\",\"@id\":\"https:\/\/tourisme.iledorleans.com\/en\/members\/espace-patrimonial-felix-leclerc\/#breadcrumb\",\"itemListElement\":[{\"@type\":\"ListItem\",\"position\":1,\"name\":\"Accueil\",\"item\":\"https:\/\/tourisme.iledorleans.com\/en\/\"},{\"@type\":\"ListItem\",\"position\":2,\"name\":\"Membres\",\"item\":\"https:\/\/tourisme.iledorleans.com\/en\/members\/\"},{\"@type\":\"ListItem\",\"position\":3,\"name\":\"Espace F\u00e9lix-Leclerc\"}]},{\"@type\":\"WebSite\",\"@id\":\"https:\/\/tourisme.iledorleans.com\/en\/#website\",\"url\":\"https:\/\/tourisme.iledorleans.com\/en\/\",\"name\":\"\u00cele d&#039;Orl\u00e9ans\",\"description\":\"\",\"potentialAction\":[{\"@type\":\"SearchAction\",\"target\":{\"@type\":\"EntryPoint\",\"urlTemplate\":\"https:\/\/tourisme.iledorleans.com\/en\/?s={search_term_string}\"},\"query-input\":{\"@type\":\"PropertyValueSpecification\",\"valueRequired\":true,\"valueName\":\"search_term_string\"}}],\"inLanguage\":\"en-US\"}]}<\/script>\n<!-- \/ Yoast SEO plugin. -->","yoast_head_json":{"title":"Espace F\u00e9lix-Leclerc - \u00cele d&#039;Orl\u00e9ans","robots":{"index":"index","follow":"follow","max-snippet":"max-snippet:-1","max-image-preview":"max-image-preview:large","max-video-preview":"max-video-preview:-1"},"canonical":"https:\/\/tourisme.iledorleans.com\/en\/members\/espace-patrimonial-felix-leclerc\/","og_locale":"en_US","og_type":"article","og_title":"Espace F\u00e9lix-Leclerc - \u00cele d&#039;Orl\u00e9ans","og_description":"L\u2019Espace F\u00e9lix-Leclerc, situ\u00e9 \u00e0 l\u2019entr\u00e9e de l\u2019\u00cele d\u2019Orl\u00e9ans, rend hommage \u00e0 F\u00e9lix-Leclerc et contribue \u00e0 faire conna\u00eetre la vie et l\u2019\u0153uvre de ce personnage historique du Qu\u00e9bec, \u00e0 la fois auteur-compositeur-interpr\u00e8te, po\u00e8te, dramaturge et \u00e9crivain. Ce lieu comprend une bo\u00eete \u00e0 chansons d\u2019une centaine de places qui accueille des noms connus de la chanson qu\u00e9b\u00e9coise... View Article","og_url":"https:\/\/tourisme.iledorleans.com\/en\/members\/espace-patrimonial-felix-leclerc\/","og_site_name":"\u00cele d&#039;Orl\u00e9ans","article_modified_time":"2026-03-04T20:19:14+00:00","og_image":[{"width":1000,"height":800,"url":"https:\/\/tourisme.iledorleans.com\/wp-content\/uploads\/2011\/06\/52.jpg","type":"image\/jpeg"}],"twitter_card":"summary_large_image","twitter_misc":{"Est. reading time":"2 minutes"},"schema":{"@context":"https:\/\/schema.org","@graph":[{"@type":"WebPage","@id":"https:\/\/tourisme.iledorleans.com\/en\/members\/espace-patrimonial-felix-leclerc\/","url":"https:\/\/tourisme.iledorleans.com\/en\/members\/espace-patrimonial-felix-leclerc\/","name":"Espace F\u00e9lix-Leclerc - \u00cele d&#039;Orl\u00e9ans","isPartOf":{"@id":"https:\/\/tourisme.iledorleans.com\/en\/#website"},"primaryImageOfPage":{"@id":"https:\/\/tourisme.iledorleans.com\/en\/members\/espace-patrimonial-felix-leclerc\/#primaryimage"},"image":{"@id":"https:\/\/tourisme.iledorleans.com\/en\/members\/espace-patrimonial-felix-leclerc\/#primaryimage"},"thumbnailUrl":"https:\/\/tourisme.iledorleans.com\/wp-content\/uploads\/2011\/06\/52.jpg","datePublished":"2011-06-14T18:12:05+00:00","dateModified":"2026-03-04T20:19:14+00:00","breadcrumb":{"@id":"https:\/\/tourisme.iledorleans.com\/en\/members\/espace-patrimonial-felix-leclerc\/#breadcrumb"},"inLanguage":"en-US","potentialAction":[{"@type":"ReadAction","target":["https:\/\/tourisme.iledorleans.com\/en\/members\/espace-patrimonial-felix-leclerc\/"]}]},{"@type":"ImageObject","inLanguage":"en-US","@id":"https:\/\/tourisme.iledorleans.com\/en\/members\/espace-patrimonial-felix-leclerc\/#primaryimage","url":"https:\/\/tourisme.iledorleans.com\/wp-content\/uploads\/2011\/06\/52.jpg","contentUrl":"https:\/\/tourisme.iledorleans.com\/wp-content\/uploads\/2011\/06\/52.jpg","width":1000,"height":800},{"@type":"BreadcrumbList","@id":"https:\/\/tourisme.iledorleans.com\/en\/members\/espace-patrimonial-felix-leclerc\/#breadcrumb","itemListElement":[{"@type":"ListItem","position":1,"name":"Accueil","item":"https:\/\/tourisme.iledorleans.com\/en\/"},{"@type":"ListItem","position":2,"name":"Membres","item":"https:\/\/tourisme.iledorleans.com\/en\/members\/"},{"@type":"ListItem","position":3,"name":"Espace F\u00e9lix-Leclerc"}]},{"@type":"WebSite","@id":"https:\/\/tourisme.iledorleans.com\/en\/#website","url":"https:\/\/tourisme.iledorleans.com\/en\/","name":"\u00cele d&#039;Orl\u00e9ans","description":"","potentialAction":[{"@type":"SearchAction","target":{"@type":"EntryPoint","urlTemplate":"https:\/\/tourisme.iledorleans.com\/en\/?s={search_term_string}"},"query-input":{"@type":"PropertyValueSpecification","valueRequired":true,"valueName":"search_term_string"}}],"inLanguage":"en-US"}]}},"_links":{"self":[{"href":"https:\/\/tourisme.iledorleans.com\/en\/wp-json\/wp\/v2\/membres\/1776","targetHints":{"allow":["GET"]}}],"collection":[{"href":"https:\/\/tourisme.iledorleans.com\/en\/wp-json\/wp\/v2\/membres"}],"about":[{"href":"https:\/\/tourisme.iledorleans.com\/en\/wp-json\/wp\/v2\/types\/membres"}],"wp:featuredmedia":[{"embeddable":true,"href":"https:\/\/tourisme.iledorleans.com\/en\/wp-json\/wp\/v2\/media\/3354"}],"wp:attachment":[{"href":"https:\/\/tourisme.iledorleans.com\/en\/wp-json\/wp\/v2\/media?parent=1776"}],"wp:term":[{"taxonomy":"characteristics","embeddable":true,"href":"https:\/\/tourisme.iledorleans.com\/en\/wp-json\/wp\/v2\/characteristics?post=1776"}],"curies":[{"name":"wp","href":"https:\/\/api.w.org\/{rel}","templated":true}]}}